{"id":8217,"date":"2019-07-01T16:40:36","date_gmt":"2019-07-01T13:40:36","guid":{"rendered":"http:\/\/www.serdarozler.com.tr\/?page_id=8217"},"modified":"2019-07-01T19:39:11","modified_gmt":"2019-07-01T16:39:11","slug":"ana-sayfa","status":"publish","type":"page","link":"https:\/\/www.serdarozler.com.tr\/english\/ana-sayfa\/","title":{"rendered":"Ana Sayfa"},"content":{"rendered":"<div id=\"pl-gb8217-69f492204394b\"  class=\"panel-layout\" ><div id=\"pg-gb8217-69f492204394b-0\"  class=\"panel-grid panel-no-style\" ><div id=\"pgc-gb8217-69f492204394b-0-0\"  class=\"panel-grid-cell panel-grid-cell-empty\" ><\/div><\/div><div id=\"pg-gb8217-69f492204394b-1\"  class=\"panel-grid panel-no-style\" ><div id=\"pgc-gb8217-69f492204394b-1-0\"  class=\"panel-grid-cell\" ><div id=\"panel-gb8217-69f492204394b-1-0-0\" class=\"so-panel widget widget_black-studio-tinymce widget_black_studio_tinymce panel-first-child\" data-index=\"0\" ><div class=\"textwidget\"><div id=\"pgc-3832-0-0\" class=\"panel-grid-cell\" data-weight=\"0.25\">\n<div id=\"panel-3832-0-0-0\" class=\"so-panel widget widget_black-studio-tinymce widget_black_studio_tinymce panel-first-child panel-last-child\" data-index=\"0\" data-style=\"{&quot;class&quot;:&quot;featured-widget&quot;,&quot;background_image_attachment&quot;:false,&quot;background_display&quot;:&quot;tile&quot;,&quot;featured_widgets&quot;:&quot;&quot;,&quot;bigger_title&quot;:&quot;&quot;}\">\n<div class=\"featured-widget panel-widget-style panel-widget-style-for-3832-0-0-0\">\n<h3 class=\"widget-title\"><span class=\"widget-title__inline\">CERRRAH\u0130 \u0130\u015eLEMLER<\/span><\/h3>\n<div class=\"textwidget\"><img loading=\"lazy\" decoding=\"async\" class=\"size-full wp-image-8191 alignnone\" src=\"http:\/\/www.serdarozler.com.tr\/wp-content\/uploads\/2019\/06\/cerrahi-01.jpg\" alt=\"\" width=\"211\" height=\"147\" \/><\/div>\n<div class=\"textwidget\">Muayenehanemize ba\u015fvuran hastalar ba\u015fta \u0130zmir olmak \u00fczere t\u00fcm T\u00fcrkiye \u00fczerinden geni\u015f bir spektrumda optik, t\u0131bbi, lazer ve cerrahi g\u00f6z tedavisi imkan\u0131 edinebilirler.<\/p>\n<p>Katarakt cerrahisinden g\u00f6z i\u00e7i kanser tedavisine kadar her t\u00fcrl\u00fc profesyonel g\u00f6z cerrahisi ile en yeni lazer refraktif cerrahi y\u00f6ntemleri kullanarak miyopi, hipermetropi ve astigmat&#8230;<\/p>\n<p><a href=\"http:\/\/www.serdarozler.com.tr\/cerrahi-giriimler\/\">Devam\u0131<\/a><\/p>\n<\/div>\n<\/div>\n<\/div>\n<\/div>\n<div id=\"pgc-3832-0-1\" class=\"panel-grid-cell\" data-weight=\"0.25\">\n<div id=\"panel-3832-0-1-0\" class=\"so-panel widget widget_black-studio-tinymce widget_black_studio_tinymce panel-first-child panel-last-child\" data-index=\"1\" data-style=\"{&quot;background&quot;:&quot;#ffffff&quot;,&quot;background_image_attachment&quot;:false,&quot;background_display&quot;:&quot;tile&quot;,&quot;border_color&quot;:&quot;#ffffff&quot;,&quot;featured_widgets&quot;:true,&quot;bigger_title&quot;:&quot;&quot;}\">\n<div class=\"featured-widget panel-widget-style panel-widget-style-for-3832-0-1-0\">\n<div class=\"textwidget\">\u00a0<\/div>\n<\/div>\n<\/div>\n<\/div>\n<\/div><\/div><div id=\"panel-gb8217-69f492204394b-1-0-1\" class=\"so-panel widget widget_black-studio-tinymce widget_black_studio_tinymce panel-last-child\" data-index=\"1\" ><div class=\"textwidget\"><div id=\"pgc-3832-0-0\" class=\"panel-grid-cell\" data-weight=\"0.25\">\n<div id=\"panel-3832-0-0-0\" class=\"so-panel widget widget_black-studio-tinymce widget_black_studio_tinymce panel-first-child panel-last-child\" data-index=\"0\" data-style=\"{&quot;class&quot;:&quot;featured-widget&quot;,&quot;background_image_attachment&quot;:false,&quot;background_display&quot;:&quot;tile&quot;,&quot;featured_widgets&quot;:&quot;&quot;,&quot;bigger_title&quot;:&quot;&quot;}\">\n<div class=\"featured-widget panel-widget-style panel-widget-style-for-3832-0-0-0\">\n<div class=\"textwidget\">\n<p><strong>HAKKIMIZDA<\/strong><\/p>\n<\/div>\n<div class=\"textwidget\"><img loading=\"lazy\" decoding=\"async\" class=\"alignnone size-full wp-image-8192\" src=\"http:\/\/www.serdarozler.com.tr\/wp-content\/uploads\/2019\/06\/hakkimizda-01.jpg\" alt=\"\" width=\"210\" height=\"146\" \/><\/div>\n<div class=\"textwidget\">S\u0131n\u0131f\u0131n\u0131n sadece en \u00fcst cihazlar\u0131n\u0131 b\u00fcnyesinde bulunduran ve devaml\u0131 olarak yenileyen muayenehanemiz, hasta bak\u0131m kalitesiyle tamamen butik bir anlay\u0131\u015fla dizayn edilmi\u015f T\u00fcrkiye\u2019deki en geli\u015fmi\u015f teknolojiye sahip g\u00f6z muayenehanelerinden birisidir&#8230;<\/p>\n<p><a class=\"read-more\" href=\"http:\/\/www.serdarozler.com.tr\/hakkmzda\/\">Devam\u0131<\/a><\/p>\n<\/div>\n<\/div>\n<\/div>\n<\/div>\n<div id=\"pgc-3832-0-1\" class=\"panel-grid-cell\" data-weight=\"0.25\">\n<div id=\"panel-3832-0-1-0\" class=\"so-panel widget widget_black-studio-tinymce widget_black_studio_tinymce panel-first-child panel-last-child\" data-index=\"1\" data-style=\"{&quot;background&quot;:&quot;#ffffff&quot;,&quot;background_image_attachment&quot;:false,&quot;background_display&quot;:&quot;tile&quot;,&quot;border_color&quot;:&quot;#ffffff&quot;,&quot;featured_widgets&quot;:true,&quot;bigger_title&quot;:&quot;&quot;}\">\n<div class=\"featured-widget panel-widget-style panel-widget-style-for-3832-0-1-0\">\n<div class=\"textwidget\">\u00a0<\/div>\n<\/div>\n<\/div>\n<\/div>\n<\/div><\/div><\/div><div id=\"pgc-gb8217-69f492204394b-1-1\"  class=\"panel-grid-cell\" ><div id=\"panel-gb8217-69f492204394b-1-1-0\" class=\"so-panel widget widget_black-studio-tinymce widget_black_studio_tinymce panel-first-child\" data-index=\"2\" ><h3 class=\"widget-title\"><span class=\"widget-title__inline\">KATARAKT<\/span><\/h3><div class=\"textwidget\"><p><img loading=\"lazy\" decoding=\"async\" src=\"http:\/\/www.serdarozler.com.tr\/wp-content\/uploads\/2019\/01\/cataract-300x169.gif\" alt=\"\" width=\"300\" height=\"169\" class=\"alignnone size-medium wp-image-4309\" srcset=\"https:\/\/www.serdarozler.com.tr\/english\/wp-content\/uploads\/2019\/01\/cataract-300x169.gif 300w, https:\/\/www.serdarozler.com.tr\/english\/wp-content\/uploads\/2019\/01\/cataract-360x204.gif 360w\" sizes=\"(max-width: 300px) 100vw, 300px\" \/><br \/>\nKatarakt, g\u00f6z\u00fcn normalde berrak ve saydam olan lensinde g\u00f6r\u00fclen bir bulutlanma veya opakla\u015fmad\u0131r.<\/p>\n<p>Belirgin oldu\u011fu durumlarda bu bulutlanma retinaya gelen \u0131\u015f\u0131k h\u00fczmesini engelleyerek g\u00f6r\u00fc\u015f\u00fcn bulan\u0131kla\u015fmas\u0131na yol a\u00e7ar. Katarakt\u0131n \u00e7e\u015fitli tipleri bulunmaktad\u0131r. \u00c7o\u011fu formu eri\u015fkin ya\u015flarda ortaya \u00e7\u0131kar&#8230;<\/p>\n<\/div><\/div><div id=\"panel-gb8217-69f492204394b-1-1-1\" class=\"so-panel widget widget_black-studio-tinymce widget_black_studio_tinymce panel-last-child\" data-index=\"3\" ><h3 class=\"widget-title\"><span class=\"widget-title__inline\">LAZER<\/span><\/h3><div class=\"textwidget\"><p><a href=\"http:\/\/www.serdarozler.com.tr\/lazer-tedavileri\/\"><img loading=\"lazy\" decoding=\"async\" class=\"alignnone size-full wp-image-6554\" src=\"http:\/\/www.serdarozler.com.tr\/wp-content\/uploads\/2019\/01\/lazer-goz.jpg\" alt=\"\" width=\"370\" height=\"209\" \/><\/a><\/p>\n<p>Lazerler t\u0131pta en s\u0131kl\u0131kla g\u00f6z hastal\u0131klar\u0131nda kullan\u0131lmaktad\u0131r.<\/p>\n<p>\u00c7e\u015fitli g\u00f6z hastal\u0131klar\u0131nda de\u011fi\u015fik tipte kullan\u0131lan lazerler mevcuttur.<\/p>\n<p>Kulland\u0131\u011f\u0131m\u0131z lazerler ve kullan\u0131m alanlar\u0131n\u0131\u00a0web sitemiz \u00fczerinde\u00a0inceleyebilirsiniz&#8230;<\/p>\n<\/div><\/div><\/div><div id=\"pgc-gb8217-69f492204394b-1-2\"  class=\"panel-grid-cell\" ><div id=\"panel-gb8217-69f492204394b-1-2-0\" class=\"so-panel widget widget_black-studio-tinymce widget_black_studio_tinymce panel-first-child\" data-index=\"4\" ><h3 class=\"widget-title\"><span class=\"widget-title__inline\">GLOKOM<\/span><\/h3><div class=\"textwidget\"><p><img loading=\"lazy\" decoding=\"async\" src=\"http:\/\/www.serdarozler.com.tr\/wp-content\/uploads\/2019\/01\/glokom-300x169.gif\" alt=\"\" width=\"300\" height=\"169\" class=\"alignnone size-medium wp-image-4411\" srcset=\"https:\/\/www.serdarozler.com.tr\/english\/wp-content\/uploads\/2019\/01\/glokom-300x169.gif 300w, https:\/\/www.serdarozler.com.tr\/english\/wp-content\/uploads\/2019\/01\/glokom-360x204.gif 360w\" sizes=\"(max-width: 300px) 100vw, 300px\" \/>Glokom, optik sinirin s\u0131k rastlanan bir bozuklu\u011fudur. \u0130ki ana tipe ayr\u0131lmaktad\u0131r.<\/p>\n<p>A\u00e7\u0131k a\u00e7\u0131l\u0131 glokom en s\u0131k g\u00f6r\u00fclen \u015fekli olup, vakalar\u0131n %90\u2019\u0131n\u0131 olu\u015fturmaktad\u0131r ve ya\u015flanmayla ilglidir. Birey ya\u015flanmaya ba\u015flad\u0131\u011f\u0131nda, g\u00f6z\u00fcn direnaj sistemi \u00e7al\u0131\u015fmas\u0131 gerekti\u011fi kadar etkin g\u00f6rev yapamamaya ba\u015flar&#8230;<\/p>\n<p>Devam\u0131<\/p>\n<\/div><\/div><div id=\"panel-gb8217-69f492204394b-1-2-1\" class=\"so-panel widget widget_black-studio-tinymce widget_black_studio_tinymce panel-last-child\" data-index=\"5\" ><h3 class=\"widget-title\"><span class=\"widget-title__inline\">RET\u0130NA-D\u0130ABET<\/span><\/h3><div class=\"textwidget\"><p><a href=\"http:\/\/www.serdarozler.com.tr\/diabetik-retinopati\/\"><img loading=\"lazy\" decoding=\"async\" class=\"alignnone size-full wp-image-6615\" src=\"http:\/\/www.serdarozler.com.tr\/wp-content\/uploads\/2019\/01\/diabetic-eye.jpg\" alt=\"\" width=\"371\" height=\"209\" \/><\/a><\/p>\n<p>&nbsp;<\/p>\n<p>Diabet, \u015fekerin yetersiz metabolizmas\u0131 ile karakterize edilen bir endokrin bezi hastal\u0131\u011f\u0131d\u0131r. G\u00f6z\u00fc birincil olarak retinadaki kan damarlar\u0131n\u0131 zarara u\u011fratarak etkiler. Ki\u015finin diabetik durumu devam ettik\u00e7e ve \u00f6zellikle tedavi ertelenip, yetersiz kald\u0131k\u00e7a&#8230;.<\/p>\n<p><a class=\"read-more\" href=\"http:\/\/www.serdarozler.com.tr\/diabetik-retinopati\/\">Devam\u0131<\/a><\/p>\n<\/div><\/div><\/div><div id=\"pgc-gb8217-69f492204394b-1-3\"  class=\"panel-grid-cell\" ><div id=\"panel-gb8217-69f492204394b-1-3-0\" class=\"so-panel widget widget_black-studio-tinymce widget_black_studio_tinymce panel-first-child\" data-index=\"6\" ><h3 class=\"widget-title\"><span class=\"widget-title__inline\">KONTAK LENS<\/span><\/h3><div class=\"textwidget\"><p><a href=\"http:\/\/www.serdarozler.com.tr\/kontakt-lens-2\"><img loading=\"lazy\" decoding=\"async\" class=\"alignnone size-medium wp-image-4447\" src=\"http:\/\/www.serdarozler.com.tr\/wp-content\/uploads\/2019\/01\/kontak-lens-300x169.gif\" alt=\"\" width=\"300\" height=\"169\" srcset=\"https:\/\/www.serdarozler.com.tr\/english\/wp-content\/uploads\/2019\/01\/kontak-lens-300x169.gif 300w, https:\/\/www.serdarozler.com.tr\/english\/wp-content\/uploads\/2019\/01\/kontak-lens-360x204.gif 360w\" sizes=\"(max-width: 300px) 100vw, 300px\" \/><\/a><\/p>\n<p>Kontakt lens uygulanmas\u0131n\u0131 arzu eden hastalar\u0131m\u0131z\u0131n rutin g\u00f6z muayeneleri yap\u0131ld\u0131ktan sonra gerekirse kontakt lens uygunluklar\u0131 Pentacam korneal topografi ve tomografi cihaz\u0131m\u0131z ile kornea tabakas\u0131 haritas\u0131 \u00e7\u0131kar\u0131larak de\u011ferlendirilir.<\/p>\n<p>Hastaya en uygun kontakt lens hassas bir \u015fekilde saptan\u0131r&#8230;<\/p>\n<p><a class=\"read-more\" href=\"http:\/\/www.serdarozler.com.tr\/kontakt-lens-2\">Devam\u0131<\/a><\/p>\n<\/div><\/div><div id=\"panel-gb8217-69f492204394b-1-3-1\" class=\"so-panel widget widget_black-studio-tinymce widget_black_studio_tinymce panel-last-child\" data-index=\"7\" ><h3 class=\"widget-title\"><span class=\"widget-title__inline\">\u00c7OCUK G\u00d6Z MUAYENES\u0130<\/span><\/h3><div class=\"textwidget\"><p><a href=\"http:\/\/www.serdarozler.com.tr\/cocuk-goez-muayenesi\/\"><img loading=\"lazy\" decoding=\"async\" class=\"alignnone size-full wp-image-6647\" src=\"http:\/\/www.serdarozler.com.tr\/wp-content\/uploads\/2019\/01\/eyeproblems.jpg\" alt=\"\" width=\"370\" height=\"209\" \/><\/a><\/p>\n<p>\u00c7ocuklardaki g\u00f6z problemlerini te\u015fhis etmek zordur \u00e7\u00fcnk\u00fc \u00e7ocuklar g\u00f6rmelerinin normal oldu\u011funu san\u0131rlar ve genellikle \u015fikayet etmezler.<\/p>\n<p>G\u00f6rsel geli\u015fimin sa\u011fl\u0131kl\u0131 oldu\u011funu anlayabilmenin en iyi yolu do\u011fumdan k\u0131sa bir s\u00fcre&#8230;<\/p>\n<p><a class=\"read-more\" href=\"http:\/\/www.serdarozler.com.tr\/cocuk-goez-muayenesi\/\">Devam\u0131<\/a><\/p>\n<\/div><\/div><\/div><\/div><div id=\"pg-gb8217-69f492204394b-2\"  class=\"panel-grid panel-no-style\" ><div id=\"pgc-gb8217-69f492204394b-2-0\"  class=\"panel-grid-cell\" ><div id=\"panel-gb8217-69f492204394b-2-0-0\" class=\"so-panel widget widget_black-studio-tinymce widget_black_studio_tinymce panel-first-child\" data-index=\"8\" ><div class=\"textwidget\"><p><a href=\"http:\/\/www.serdarozler.com.tr\/cocuk-goez-muayenesi\/\"><img loading=\"lazy\" decoding=\"async\" class=\"alignnone size-full wp-image-6647\" src=\"http:\/\/www.serdarozler.com.tr\/wp-content\/uploads\/2019\/01\/eyeproblems.jpg\" alt=\"\" width=\"370\" height=\"209\" \/><\/a><\/p>\n<p>&nbsp;<\/p>\n<p><strong>\u00c7OCUK G\u00d6Z MUAYENES\u0130<\/strong><\/p>\n<p>\u00c7ocuklardaki g\u00f6z problemlerini te\u015fhis etmek zordur \u00e7\u00fcnk\u00fc \u00e7ocuklar g\u00f6rmelerinin normal oldu\u011funu san\u0131rlar ve genellikle \u015fikayet etmezler.<\/p>\n<p>G\u00f6rsel geli\u015fimin sa\u011fl\u0131kl\u0131 oldu\u011funu anlayabilmenin en iyi yolu do\u011fumdan k\u0131sa bir s\u00fcre&#8230;<\/p>\n<p><a class=\"read-more\" href=\"http:\/\/www.serdarozler.com.tr\/cocuk-goez-muayenesi\/\">Devam\u0131<\/a><\/p>\n<\/div><\/div><div id=\"panel-gb8217-69f492204394b-2-0-1\" class=\"so-panel widget widget_origin_animated-image panel-last-child\" data-index=\"9\" ><div class=\"origin-widget origin-widget-animated-image origin-widget-animated-image-default-default\"><img decoding=\"async\" src=\"\" style=\"visibility:hidden\" data-animation=\"fade\" \/><\/div><\/div><\/div><div id=\"pgc-gb8217-69f492204394b-2-1\"  class=\"panel-grid-cell\" ><div id=\"panel-gb8217-69f492204394b-2-1-0\" class=\"so-panel widget widget_black-studio-tinymce widget_black_studio_tinymce panel-first-child panel-last-child\" data-index=\"10\" ><div class=\"textwidget\"><div id=\"pgc-3832-2-0\" class=\"panel-grid-cell\" data-style=\"{&quot;background_image_attachment&quot;:false,&quot;background_display&quot;:&quot;tile&quot;,&quot;vertical_alignment&quot;:&quot;auto&quot;}\" data-weight=\"0.5\">\n<div id=\"panel-3832-2-0-0\" class=\"so-panel widget widget_black-studio-tinymce widget_black_studio_tinymce panel-first-child panel-last-child\" data-index=\"8\" data-style=\"{&quot;background_image_attachment&quot;:false,&quot;background_display&quot;:&quot;tile&quot;,&quot;featured_widgets&quot;:&quot;&quot;,&quot;bigger_title&quot;:&quot;&quot;}\">\n<h3 class=\"widget-title\"><span class=\"widget-title__inline\">\u00c7OCUK G\u00d6Z HASTALIKLARI<\/span><\/h3>\n<div class=\"textwidget\"><img loading=\"lazy\" decoding=\"async\" class=\"size-full wp-image-8200 alignleft\" src=\"http:\/\/www.serdarozler.com.tr\/wp-content\/uploads\/2019\/06\/Children.jpg\" alt=\"\" width=\"276\" height=\"184\" \/>\u00c7ocuklardaki g\u00f6z problemlerini te\u015fhis etmek zordur \u00e7\u00fcnk\u00fc \u00e7ocuklar g\u00f6rmelerinin normal oldu\u011funu san\u0131rlar ve genellikle \u015fikayet etmezler. G\u00f6rsel geli\u015fimin sa\u011fl\u0131kl\u0131 oldu\u011funu anlayabilmenin en iyi yolu do\u011fumdan k\u0131sa bir s\u00fcre sonra, 6 ayl\u0131kken, 2 ve 4 ya\u015flar\u0131nda daha sonra okul \u00e7a\u011flar\u0131nda periyodik bir \u015fekilde profesyonel, rutin muayenelerini yapmakt\u0131r. \u00c7ocuk g\u00f6z muayenesi uzak ve yak\u0131n g\u00f6rme keskinliklerini, g\u00f6z takibini, fiksasyon yeteneklerini, g\u00f6zleri birlikte kullanabilme yetisini, derinlik hissi ve renk g\u00f6rme muayenesini i\u00e7erir. Pek \u00e7ok g\u00f6rme problemi erken ya\u015flarda ba\u015flad\u0131\u011f\u0131 i\u00e7in erken tan\u0131 ve uygun tedavi. &gt;&gt;<\/p>\n<p>&nbsp;<\/p>\n<p>* \u00c7OCUKLARINIZDAK\u0130 M\u0130YOP\u0130N\u0130N DURDURULMASI VE \u0130LERLEMEMES\u0130 \u0130\u00c7\u0130N 2018 BUDAPE\u015eTE KONU\u015eMAMIZI OR\u0130J\u0130NAL HAL\u0130YLE <a href=\"https:\/\/slideplayer.com\/slide\/14192575\">BURAYI<\/a> TIKLAYARAK&gt;&gt;<\/p>\n<p>** Klini\u011fimizde bebek \u00f6l\u00e7\u00fcmlerinde y\u00fcksek teknolojili <a href=\"http:\/\/www.serdarozler.com.tr\/plusoptix-bebek-oelcuemue\/\">Plusoptix A16 ve Plusoptix CR03<\/a> iki g\u00f6z\u00fcn ayn\u0131 anda \u00f6l\u00e7\u00fcld\u00fc\u011f\u00fc ekzantrik videoretinoskoplar \u00f6zellikle 4 ya\u015f alt\u0131 bebeklerde ve hatta yeni do\u011fanda bile saniyeler i\u00e7inde g\u00f6z \u00f6l\u00e7\u00fcmlerinin yap\u0131ld\u0131\u011f\u0131 sistemlerdir. Detaylar\u0131 i\u00e7in <a href=\"http:\/\/www.serdarozler.com.tr\/plusoptix-bebek-oelcuemue\/\">t\u0131klay\u0131n\u0131z<\/a>&gt;&gt;<\/p>\n<\/div>\n<\/div>\n<\/div>\n<div id=\"pgc-3832-2-1\" class=\"panel-grid-cell\" data-style=\"{&quot;background_image_attachment&quot;:false,&quot;background_display&quot;:&quot;tile&quot;,&quot;vertical_alignment&quot;:&quot;auto&quot;}\" data-weight=\"0.5\">\n<div id=\"panel-3832-2-1-0\" class=\"so-panel widget widget_black-studio-tinymce widget_black_studio_tinymce panel-first-child panel-last-child\" data-index=\"9\" data-style=\"{&quot;background_image_attachment&quot;:false,&quot;background_display&quot;:&quot;tile&quot;,&quot;featured_widgets&quot;:&quot;&quot;,&quot;bigger_title&quot;:&quot;&quot;}\">\n<h3 class=\"widget-title\">\u00a0<\/h3>\n<\/div>\n<\/div>\n<\/div><\/div><\/div><div id=\"pgc-gb8217-69f492204394b-2-2\"  class=\"panel-grid-cell\" ><div id=\"panel-gb8217-69f492204394b-2-2-0\" class=\"so-panel widget widget_black-studio-tinymce widget_black_studio_tinymce panel-first-child panel-last-child\" data-index=\"11\" ><div class=\"textwidget\"><h3 class=\"widget-title\"><span class=\"widget-title__inline\">MAKULA DEJENERESANSI- SARI NOKTA HASTALI\u011eI\/\u0130NTRAV\u0130TREAL ENJEKS\u0130YONLAR<\/span><\/h3>\n<div class=\"textwidget\"><img loading=\"lazy\" decoding=\"async\" class=\"size-full wp-image-8203 alignleft\" src=\"http:\/\/www.serdarozler.com.tr\/wp-content\/uploads\/2019\/06\/Ivit-injection.jpg\" alt=\"\" width=\"275\" height=\"183\" \/>Keskin ve renkli g\u00f6rmeyi sa\u011flayan makula retinada toplu i\u011fne b\u00fcy\u00fckl\u00fc\u011f\u00fcnde bir aland\u0131r. Ya\u015fa ba\u011fl\u0131 makula dejeneresans\u0131 (YBMD) yava\u015f g\u00f6rme kayb\u0131na neden olan ilerleyici bir hastal\u0131kd\u0131r.\u0130ki tipi vard\u0131r: Ya\u015f (eksudatif) ve kuru (atrofik) tipdir. Yakla\u015f\u0131k %80 kuru tip bulunur, fakat g\u00f6rme kayb\u0131ndan en \u00e7ok ya\u015f tip sorumludur. Kuru tipte \u00e7e\u015fitli vitamin, mineraller ve lutein gibi baz\u0131 antioksidanlar\u0131n hastal\u0131\u011f\u0131 yava\u015flat\u0131\u011f\u0131 d\u00fc\u015f\u00fcn\u00fcl\u00fcr. Ya\u015f tip\u2019de s\u0131n\u0131rl\u0131 ba\u015far\u0131da olan laser fotokoag\u00fclasyonu ve laser fotodinamik terapi (PDT) kullan\u0131lm\u0131\u015ft\u0131r. Son y\u0131llarda yeni damar olu\u015fumlar\u0131n\u0131 engelleyen ila\u00e7lar\u0131n g\u00f6zi\u00e7i enjeksiyonlar\u0131 kullan\u0131ma girmi\u015ftir. Bu ila\u00e7lar vask\u00fcler endotelial b\u00fcy\u00fcme fakt\u00f6r inhibit\u00f6rleri (antiVEGF)&#8217;dir \u0130ngilizce &#8220;Vascular Endothelial Growth Factor&#8221; kelimelerinin ba\u015f harflerinden olu\u015fan VEGF adl\u0131 madde sal\u0131nd\u0131\u011f\u0131 noktada damar endotel h\u00fccrelerini uyararak yeni damar olu\u015fumunu sa\u011flar. G\u00f6zde ya\u015fa ba\u011fl\u0131 makula dejenerasyonunda da bu maddenin sal\u0131nd\u0131\u011f\u0131 ve koroid b\u00f6lgesinde yeni damarlar\u0131n ortaya \u00e7\u0131kt\u0131\u011f\u0131 g\u00f6sterilmi\u015ftir. <a href=\"http:\/\/www.serdarozler.com.tr\/yaa-bal-makula-dejeneresansnda-lucentis-ve-avastinaltuzan-uygulamalar\/\">(Altuzan\/ Avastin\/ Lucentus\/ Eylea)<\/a><\/div>\n<\/div><\/div><\/div><\/div><div id=\"pg-gb8217-69f492204394b-3\"  class=\"panel-grid panel-no-style\" ><div id=\"pgc-gb8217-69f492204394b-3-0\"  class=\"panel-grid-cell panel-grid-cell-empty\" ><\/div><\/div><\/div>","protected":false},"excerpt":{"rendered":"<p>CERRRAH\u0130 \u0130\u015eLEMLER Muayenehanemize ba\u015fvuran hastalar ba\u015fta \u0130zmir olmak \u00fczere t\u00fcm T\u00fcrkiye \u00fczerinden geni\u015f bir spektrumda optik, t\u0131bbi, lazer ve cerrahi g\u00f6z tedavisi imkan\u0131 edinebilirler. Katarakt cerrahisinden g\u00f6z i\u00e7i kanser tedavisine kadar her t\u00fcrl\u00fc profesyonel g\u00f6z cerrahisi ile en yeni lazer refraktif cerrahi y\u00f6ntemleri kullanarak miyopi, hipermetropi ve astigmat&#8230; Devam\u0131 \u00a0 HAKKIMIZDA S\u0131n\u0131f\u0131n\u0131n sadece en \u00fcst &hellip;<\/p>\n","protected":false},"author":1,"featured_media":0,"parent":0,"menu_order":0,"comment_status":"closed","ping_status":"closed","template":"template-front-page-slider-alt.php","meta":{"_acf_changed":false,"footnotes":""},"class_list":["post-8217","page","type-page","status-publish","hentry"],"acf":[],"_links":{"self":[{"href":"https:\/\/www.serdarozler.com.tr\/english\/wp-json\/wp\/v2\/pages\/8217"}],"collection":[{"href":"https:\/\/www.serdarozler.com.tr\/english\/wp-json\/wp\/v2\/pages"}],"about":[{"href":"https:\/\/www.serdarozler.com.tr\/english\/wp-json\/wp\/v2\/types\/page"}],"author":[{"embeddable":true,"href":"https:\/\/www.serdarozler.com.tr\/english\/wp-json\/wp\/v2\/users\/1"}],"replies":[{"embeddable":true,"href":"https:\/\/www.serdarozler.com.tr\/english\/wp-json\/wp\/v2\/comments?post=8217"}],"version-history":[{"count":20,"href":"https:\/\/www.serdarozler.com.tr\/english\/wp-json\/wp\/v2\/pages\/8217\/revisions"}],"predecessor-version":[{"id":8245,"href":"https:\/\/www.serdarozler.com.tr\/english\/wp-json\/wp\/v2\/pages\/8217\/revisions\/8245"}],"wp:attachment":[{"href":"https:\/\/www.serdarozler.com.tr\/english\/wp-json\/wp\/v2\/media?parent=8217"}],"curies":[{"name":"wp","href":"https:\/\/api.w.org\/{rel}","templated":true}]}}